{"id":28,"date":"2021-03-10T23:13:11","date_gmt":"2021-03-10T22:13:11","guid":{"rendered":"http:\/\/locupali.com\/WordPress\/?page_id=28"},"modified":"2025-07-25T16:37:39","modified_gmt":"2025-07-25T14:37:39","slug":"la-vie-de-lassociation","status":"publish","type":"page","link":"https:\/\/locupali.com\/WordPress\/index.php\/la-vie-de-lassociation\/","title":{"rendered":"L&#8217;association"},"content":{"rendered":"\n<p><\/p>\n\n\n\n<p class=\"has-black-color has-white-background-color has-text-color has-background has-link-color wp-elements-44c1e12c0c523d999f96cf1b23a1b310\">L&#8217;association&nbsp;<strong>Locupali<\/strong>&nbsp;(pour&nbsp;LOisirs&nbsp;CUlture&nbsp;PAys de&nbsp;<strong>LI<\/strong>mours) a \u00e9t\u00e9 cr\u00e9\u00e9e en 2007. C&#8217;est une association de type loi de 1901. Sa d\u00e9claration \u00e0 la sous-pr\u00e9fecture de Palaiseau le 15 juin 2007 est parue au Journal Officiel de la R\u00e9publique Fran\u00e7aise (139\u00e8me ann\u00e9e &#8211; n\u00b026 &#8211; 30 juin 2007 &#8211; page 3285). Elle est r\u00e9pertori\u00e9e comme association n\u00b00913015424.<\/p>\n\n\n\n<p class=\"has-black-color has-white-background-color has-text-color has-background has-link-color wp-elements-99ed66541078e7d45f3928fbc80dabb5\"><strong>Si\u00e8ge social<\/strong>&nbsp;:&nbsp;<br>Mairie de Limours<br>place du g\u00e9n\u00e9ral de Gaulle<br>91470 Limours<\/p>\n\n\n\n<p class=\"has-black-color has-white-background-color has-text-color has-background has-link-color wp-elements-72317362208cbf2416ea326f705c6483\"><strong>Bureau<\/strong>&nbsp;:&nbsp;<br>Pr\u00e9sidente : Danielle Doppler&nbsp;<br>Secr\u00e9taire : Fran\u00e7oise Perrot&nbsp;<br>Tr\u00e9sorier : Evelyne Lavoine<\/p>\n\n\n\n<p class=\"has-black-color has-white-background-color has-text-color has-background has-link-color wp-elements-1b5da686862516ff747375522a5227eb\"><strong>Statuts<\/strong><br>tels que d\u00e9pos\u00e9s lors de la d\u00e9claration de l&#8217;association en juin 2007, modifi\u00e9 septembre 2024<br>\u00e0 t\u00e9l\u00e9charger au format&nbsp;<a href=\"http:\/\/locupali.com\/documents\/Statuts 16 08 2024 vd.pdf\" target=\"_blank\" rel=\"noreferrer noopener\">pdf<\/a><\/p>\n\n\n\n<p class=\"has-black-color has-white-background-color has-text-color has-background has-link-color wp-elements-7d17fc78862d93badf8d56b55040934b\"><strong>R\u00e8glement int\u00e9rieur<\/strong><br>en date de septembre 2024<br>\u00e0 t\u00e9l\u00e9charger au format&nbsp;<a href=\"http:\/\/locupali.com\/documents\/ReglementInterieur 20240904 vd.pdf\" target=\"_blank\" rel=\"noreferrer noopener\">pdf<\/a><br>adopt\u00e9 lors de l&#8217;assembl\u00e9e g\u00e9n\u00e9rale de 2024.&nbsp;<br><br><strong>Compte-rendu de l&#8217;Assembl\u00e9e G\u00e9n\u00e9rale 2024<\/strong><br>Le CR de l&#8217;Assembl\u00e9e G\u00e9n\u00e9rale peut \u00eatre t\u00e9l\u00e9charg\u00e9 <a href=\"http:\/\/locupali.com\/documents\/CR AG du 04 11 2024_VD.pdf\" target=\"_blank\" rel=\"noreferrer noopener\">ici<\/a><\/p>\n\n\n\n<p class=\"has-black-color has-white-background-color has-text-color has-background has-link-color wp-elements-a2a98b5e42c3cbe2da69418a6a8857fc\"><strong>Modalit\u00e9s d\u2019annulation par l\u2019adh\u00e9rent et de remboursement par l\u2019association<\/strong><br>Se reporter au r\u00e8glement int\u00e9rieur de l&#8217;association.<\/p>\n\n\n\n<p><\/p>\n\n\n\n<div style=\"height:52px\" aria-hidden=\"true\" class=\"wp-block-spacer\"><\/div>\n\n\n\n<p><strong>___________________________________________________________________________________<\/strong><\/p>\n\n\n\n<p class=\"has-black-color has-text-color has-link-color has-large-font-size wp-elements-0271abc5fd90fc3a85dc2db80e11d244\">Le mot de la pr\u00e9sidente<\/p>\n\n\n\n<div style=\"height:39px\" aria-hidden=\"true\" class=\"wp-block-spacer\"><\/div>\n\n\n\n<p class=\"has-black-color has-text-color has-link-color wp-elements-0cb0ef029c8e7c28ae9fafbbe7895a98\"><strong>Ch\u00e8res Locupaliennes, chers&nbsp;Locupaliens<\/strong>&nbsp;<\/p>\n\n\n\n<p class=\"has-black-color has-text-color has-link-color wp-elements-e6610b29224733948fcecbc9ad7dd391\"><strong>La saison septembre 2024 \u2013 juin 2025 est termin\u00e9e et nous pr\u00e9parons la saison suivante 2025 &#8211; 2026 ainsi que le forum des Associations, auquel nous&nbsp;participerons&nbsp;et qui se tiendra le 7 septembre 2025.<\/strong><\/p>\n\n\n\n<p><strong>J\u2019esp\u00e8re que chacun d\u2019entre vous a pu trouver des sorties qu\u2019il a appr\u00e9ci\u00e9.&nbsp;<\/strong><\/p>\n\n\n\n<p class=\"has-black-color has-text-color has-link-color wp-elements-3da5d593b019b7baed0bd023f0d9a51a\">Je souhaitais, dans ce message, partager avec vous&nbsp;:<\/p>\n\n\n\n<ul class=\"wp-block-list\">\n<li class=\"has-black-color has-text-color has-link-color wp-elements-3f3aa8d8c0719ee5dea5b110d361bad0\">les r\u00e9sultats du bilan fait avec tous les membres du CA, de la saison qui vient de se terminer et d\u2019utiliser les constats pour am\u00e9liorer nos programmes et nos modes de fonctionnement<\/li>\n\n\n\n<li class=\"has-black-color has-text-color has-link-color wp-elements-4874121406af5f83e348737bfc9adf7a\">les sorties d\u00e9j\u00e0 retenues pour la saison prochaine, en cours d\u2019\u00e9laboration car elles n\u00e9cessitent que nous d\u00e9posions tr\u00e8s t\u00f4t les options n\u00e9cessaires aupr\u00e8s de nos partenaires.<\/li>\n<\/ul>\n\n\n\n<p class=\"has-black-color has-text-color has-link-color wp-elements-3b2f1d4b8ab0a74eca4c3920f3bf1636\"><strong><em>Ce texte vous paraitra un peu long et je vous remercie par avance de le lire attentivement<\/em><\/strong><\/p>\n\n\n\n<p class=\"has-black-color has-text-color has-link-color wp-elements-c51828ab81f9db61e83ff854cfd20d1e\">Les principaux constats de l\u2019analyse de la saison qui vient de se terminer&nbsp;portent sur&nbsp;&nbsp;<\/p>\n\n\n\n<ul class=\"wp-block-list\">\n<li class=\"has-black-color has-text-color has-link-color wp-elements-80a9e2a6365c3f5afc95fc86b5605f4c\">L\u2019<strong>ambiance<\/strong>&nbsp;dans les sorties&nbsp;: vous l\u2019avez constat\u00e9 vous-m\u00eame, une bonne ambiance dans les sorties de toutes natures, une belle entre-aide des participants et une aide aux organisateurs donc un&nbsp;<strong>esprit de groupe&nbsp;<\/strong>qui nous est cher \u00e0 tous.&nbsp;<\/li>\n\n\n\n<li class=\"has-black-color has-text-color has-link-color wp-elements-36f5bb77c67a7def03a3fc06105a8a94\"><strong>Le contenu des programmes<\/strong>&nbsp;: nous avions pr\u00e9par\u00e9 et propos\u00e9 33 sorties, seules 26 ont eu lieu (14 spectacles \u2013 7 sorties journali\u00e8res \u2013 4 escapades et 1 voyage)&nbsp;; sur ces 26 sorties, 7 ont \u00e9t\u00e9 maintenues malgr\u00e9 un nombre de participants inf\u00e9rieur \u00e0 30 (seuil en de\u00e7\u00e0 duquel le bilan financier de la sortie est bien souvent n\u00e9gatif).&nbsp;<br>Mais surtout le point principal est&nbsp;<strong>la baisse de fr\u00e9quentation des sorties culturelles journali\u00e8res&nbsp;et une bonne voire tr\u00e8s bonne fr\u00e9quentation des autres types de sorties (spectacles \u2013 escapades \u2013 voyage).<\/strong><\/li>\n\n\n\n<li class=\"has-black-color has-text-color has-link-color wp-elements-89d2dd11485dd1735c97e94b8f2d5b04\"><strong>La gestion<\/strong><br><strong>Les r\u00e8glements des cotisations<\/strong>&nbsp;d\u2019adh\u00e9sion \u00e0 l\u2019association&nbsp;sont trop souvent tardifs voire m\u00eame impay\u00e9s (\u00e0 ce jour environ une cinquantaine), nous obligeant \u00e0 relancer.<br><strong>Les participations aux sorties<\/strong>&nbsp;: nous constatons encore beaucoup trop de d\u00e9sistements pour des motifs autres que des probl\u00e8mes de sant\u00e9 (convenance personnelle) qui interviennent malheureusement tr\u00e8s tardivement, apr\u00e8s que nous ayons confirm\u00e9 aux prestataires&nbsp;; de plus, bien souvent les participants qui annulent n\u2019ont pas r\u00e9gl\u00e9 leur participation alors que nous devons r\u00e9gler les prestataires.<br>Les d\u00e9sistements repr\u00e9sentent, non seulement une lourde charge pour les organisateurs qui doivent chercher des rempla\u00e7ants mais aussi une perte financi\u00e8re pour Locupali.&nbsp;<\/li>\n<\/ul>\n\n\n\n<p class=\"has-black-color has-text-color has-link-color wp-elements-07e7af07563419fd18c30b9a5e5db3a9\"><strong>Afin de corriger ces probl\u00e8mes, nous souhaitons mettre en \u0153uvre d\u00e8s la saison prochaine quelques modifications des programmes et des r\u00e8gles de fonctionnement.&nbsp;<\/strong><\/p>\n\n\n\n<p class=\"has-black-color has-text-color has-link-color wp-elements-3e4f85fdbbd1b78e947ec43f96bb5f19\"><strong>Les programmes 2025 -2026<\/strong><\/p>\n\n\n\n<ul class=\"wp-block-list\">\n<li class=\"has-black-color has-text-color has-link-color wp-elements-a61f929ee5024d05c0fd54b65a310ab9\"><strong>moins de sorties journali\u00e8res mais plus d\u2019escapades et toujours un voyage&nbsp;annuel&nbsp;<\/strong><\/li>\n\n\n\n<li class=\"has-black-color has-text-color has-link-color wp-elements-49d3f3e979b868587aae930eda56f7bf\"><strong>des spectacles et sorties parisiennes&nbsp;&nbsp;en nombre plus \u00e9lev\u00e9 pendant les&nbsp;saisons automne \u2013 hiver (nous attendons les programmes des salles de&nbsp;spectacle)<\/strong><\/li>\n\n\n\n<li class=\"has-black-color has-text-color has-link-color wp-elements-8d109dafac532d8bce14c6896c7938a0\"><strong>En avant-premi\u00e8re, voici quelques-unes des propositions de sorties que nous mettrons dans le prochain programme.<\/strong><\/li>\n<\/ul>\n\n\n\n<p><strong>Un large choix qui j\u2019esp\u00e8re r\u00e9pondra \u00e0 vos envies<\/strong><\/p>\n\n\n\n<figure class=\"wp-block-table\"><table class=\"has-black-color has-text-color has-link-color has-fixed-layout\"><tbody><tr><td><strong>Quand<\/strong><\/td><td><strong>Sortie<\/strong><\/td><td><strong>Dur\u00e9e&nbsp;&nbsp;&nbsp;&#8211; &nbsp;Organisateur<\/strong><\/td><\/tr><tr><td><strong>Septembre Octobre 2025<\/strong><\/td><td><strong>Notre Dame de Paris<\/strong><\/td><td>3 journ\u00e9es DD SP JCB&nbsp;&nbsp;&nbsp;&nbsp;&nbsp;&nbsp;&nbsp;&nbsp;&nbsp;&nbsp;&nbsp;&nbsp;&nbsp;&nbsp;&nbsp;&nbsp;&nbsp;&nbsp;&nbsp;<\/td><\/tr><tr><td><strong>Novembre 2025<\/strong><\/td><td><strong>Escapade \u00e0 Lisbonne<\/strong><\/td><td>4 jours \/ 3 nuits&nbsp;&nbsp;&nbsp;&nbsp;&nbsp;&nbsp;&nbsp;SP<\/td><\/tr><tr><td><strong>Janvier 2026<\/strong><\/td><td><strong>Tous ensemble repas de nouvel an<\/strong><\/td><td>&nbsp;<\/td><\/tr><tr><td><strong>F\u00e9vrier 2026<\/strong><\/td><td><strong>L\u2019Andalousie \u2013 une croisi\u00e8re sur le Guadalquivir<\/strong><\/td><td>6 jours \/ 5 nuits&nbsp;&nbsp;&nbsp;&nbsp;&nbsp;&nbsp;&nbsp;DD<\/td><\/tr><tr><td><strong>Mars 2026<\/strong><\/td><td><strong>La Toscane \u2013 escapade \u00e0 Florence et alentours&nbsp;<\/strong><\/td><td>4 jours \/ 3 nuits&nbsp;&nbsp;&nbsp;&nbsp;&nbsp;&nbsp;&nbsp;DD<\/td><\/tr><tr><td><strong>Avril 2026<\/strong><\/td><td><strong>Escapade \u00e0 Lyon<\/strong><\/td><td>2 jours \/ 1 nuit&nbsp;&nbsp;&nbsp;&nbsp;&nbsp;&nbsp;&nbsp;&nbsp;&nbsp;SP<\/td><\/tr><tr><td><strong>Avril 2026<\/strong><\/td><td><strong>L\u2019Oise \u2013 Pierrefonds et Senlis&nbsp;<\/strong><\/td><td>1 journ\u00e9e&nbsp;&nbsp;&nbsp;&nbsp;&nbsp;&nbsp;&nbsp;&nbsp;&nbsp;&nbsp;&nbsp;&nbsp;&nbsp;&nbsp;&nbsp;&nbsp;DD<\/td><\/tr><tr><td><strong>Mai&nbsp;&nbsp;2026<\/strong><\/td><td><strong>Escapade \u00e0 Berlin<\/strong><\/td><td>4 jours \/ 3 nuits&nbsp;&nbsp;&nbsp;&nbsp;&nbsp;JCB<\/td><\/tr><tr><td><strong>Juin 2026<\/strong><\/td><td><strong>Le voyage annuel en Irlande<\/strong><\/td><td>&nbsp;9 jours \/8 nuits&nbsp;&nbsp;&nbsp;&nbsp;&nbsp;&nbsp;JCB<\/td><\/tr><\/tbody><\/table><\/figure>\n\n\n\n<p class=\"has-black-color has-text-color has-link-color wp-elements-8ad91673c15136b422304f89271498b9\">Au plus tard mi ao\u00fbt, nous publierons un&nbsp;<em><strong>planning synth\u00e9tique<\/strong><\/em>&nbsp;plus complet que vous trouverez dans l\u2019aide-m\u00e9moire du site et qui vous permettra de faire vos choix et de r\u00e9server les dates sur vos agendas personnels.<br>Certaines des propositions seront finalis\u00e9es et vous pourrez les retrouver sur le site locupali.com, et vous inscrire si vous \u00eates int\u00e9ress\u00e9(e)s. D\u2019autres, en cours d\u2019\u00e9laboration, seront mises \u00e0 votre disposition d\u00e8s leur finalisation.<br>Des opportunit\u00e9s&nbsp;int\u00e9ressantes pourront \u00eatre ajout\u00e9es en cours de saison en particulier les spectacles.&nbsp;<\/p>\n\n\n\n<p class=\"has-black-color has-text-color has-link-color wp-elements-cb3929beabb2039ad139a2006d1233bb\"><strong>Les r\u00e8gles de fonctionnement&nbsp;<\/strong><\/p>\n\n\n\n<ul class=\"wp-block-list\">\n<li class=\"has-black-color has-text-color has-link-color wp-elements-b5133e84ae9ddab4ed9797cd82653948\"><strong>La cotisation \u00e0 l\u2019association&nbsp;<\/strong><strong>: elle est port\u00e9e \u00e0 15\u20ac&nbsp;<\/strong><strong>(<\/strong>elle n\u2019a jamais \u00e9t\u00e9&nbsp;r\u00e9\u00e9valu\u00e9e) et elle doit \u00eatre <strong>r\u00e9gl\u00e9e d\u00e8s l\u2019inscription<\/strong>&nbsp;que vous soyez un nouvel adh\u00e9rent ou que vous renouveliez votre adh\u00e9sion.&nbsp;&nbsp;<strong>Ces cotisations nous permettent non seulement de couvrir&nbsp;<\/strong>les frais de fonctionnement mais aussi les pertes des sorties o\u00f9 il y a eu des d\u00e9sistements non remplac\u00e9s.<\/li>\n\n\n\n<li class=\"has-black-color has-text-color has-link-color wp-elements-2bb4f5d01fdb859d7acfb8c83928ed54\"><strong>L\u2019 inscription \u00e0 une sortie&nbsp;:&nbsp;<\/strong>vous inscrire est un engagement de votre part car nous avons nous m\u00eame engag\u00e9 Locupali aupr\u00e8s des prestataires et la plupart du temps r\u00e9gl\u00e9 un acompte&nbsp;;&nbsp;&nbsp;c\u2019est pourquoi nous vous demandons&nbsp;<strong>d\u00e8s votre demande d\u2019inscription \u00e0 une sortie de r\u00e9gler la somme indiqu\u00e9e dans la fiche descriptive de la sortie<\/strong>&nbsp;(totalit\u00e9 du prix ou acompte) et ce n\u2019est qu\u2019au vu de ce r\u00e8glement que votre inscription deviendra d\u00e9finitive et que vous apparaitrez dans la liste des participants visible sur locupali.com (\u00ab&nbsp;O\u00f9 suis-je&nbsp;\u00bb).<br>Bien s\u00fbr, il vous sera toujours possible, en application des r\u00e8gles d\u2019annulation de participation (d\u00e9lais et remboursements \u2013 r\u00e8gles d\u00e9finies dans le r\u00e8glement int\u00e9rieur que vous retrouverez sur locupali.com), d\u2019annuler votre participation.&nbsp;<\/li>\n<\/ul>\n\n\n\n<p class=\"has-black-color has-text-color has-link-color wp-elements-24d829d5e08c511246804900362fde16\">Nous vous remercions par avance de votre compr\u00e9hension.<br>Nous comptons toujours sur vous pour faire conna\u00eetre nos programmes autour de vous&nbsp;: famille, amis, connaissances, voisins que nous serons heureux d\u2019accueillir.<\/p>\n\n\n\n<p class=\"has-black-color has-text-color has-link-color wp-elements-b2420b5e0b31f59dea4cb5da3c8d6fe1\">Merci et \u00e0 tr\u00e8s bient\u00f4t<\/p>\n\n\n\n<p class=\"has-black-color has-text-color has-link-color wp-elements-e77e3393f4255322ff6e63b916f99100\">Bien amicalement<\/p>\n\n\n\n<p class=\"has-black-color has-text-color has-link-color wp-elements-c7f5103db10cd6b05ffda081572c4757\">La Pr\u00e9sidente, Danielle Doppler<\/p>\n\n\n\n<div style=\"height:100px\" aria-hidden=\"true\" class=\"wp-block-spacer\"><\/div>\n\n\n\n<div class=\"wp-block-buttons is-layout-flex wp-block-buttons-is-layout-flex\">\n<div class=\"wp-block-button\"><a class=\"wp-block-button__link wp-element-button\" href=\"https:\/\/locupali.com\/WordPress\/index.php\/test-enquete-et-statuts\/\">Priv\u00e9<\/a><\/div>\n<\/div>\n\n\n\n<div class=\"wp-block-group alignfull has-cyan-bluish-gray-color has-text-color has-link-color wp-elements-9a8d16ecf18a55c4958762aa3506ed47\" style=\"padding-top:4em;padding-bottom:2em\"><div class=\"wp-block-group__inner-container is-layout-constrained wp-block-group-is-layout-constrained\">\n<div class=\"wp-block-columns is-layout-flex wp-container-core-columns-is-layout-9d6595d7 wp-block-columns-is-layout-flex\">\n<div class=\"wp-block-column is-layout-flow wp-block-column-is-layout-flow\" style=\"flex-basis:80%\">\n<p class=\"has-text-align-left has-white-color has-text-color has-link-color has-medium-font-size wp-elements-82ec169f65eab84538394a2426ba03c4\"><a href=\"https:\/\/locupali.com\/WordPress\/index.php\/test\/\" data-type=\"URL\" data-id=\"https:\/\/locupali.com\/WordPress\/index.php\/test\/\">Priv\u00e9<\/a>&#8212;&#8212;&#8212;<a href=\"https:\/\/locupali.com\/WordPress\/index.php\/sondage-programmes-des-sorties-2023-2024\/\" data-type=\"page\" data-id=\"1658\" target=\"_blank\" rel=\"noreferrer noopener\">T<\/a><a href=\"https:\/\/locupali.com\/WordPress\/index.php\/sondage-programmes-des-sorties-2023-2024\/\" data-type=\"page\" data-id=\"1658\">e<\/a><a href=\"https:\/\/locupali.com\/WordPress\/index.php\/sondage-programmes-des-sorties-2023-2024\/\" data-type=\"page\" data-id=\"1658\" target=\"_blank\" rel=\"noreferrer noopener\">st<\/a><\/p>\n<\/div>\n<\/div>\n<\/div><\/div>\n<div class=\"pvc_clear\"><\/div><p id=\"pvc_stats_28\" class=\"pvc_stats total_only  \" data-element-id=\"28\" style=\"\"><i class=\"pvc-stats-icon medium\" aria-hidden=\"true\"><svg xmlns=\"http:\/\/www.w3.org\/2000\/svg\" version=\"1.0\" viewBox=\"0 0 502 315\" preserveAspectRatio=\"xMidYMid meet\"><g transform=\"translate(0,332) scale(0.1,-0.1)\" fill=\"\" stroke=\"none\"><path d=\"M2394 3279 l-29 -30 -3 -207 c-2 -182 0 -211 15 -242 39 -76 157 -76 196 0 15 31 17 60 15 243 l-3 209 -33 29 c-26 23 -41 29 -80 29 -41 0 -53 -5 -78 -31z\"\/><path d=\"M3085 3251 c-45 -19 -58 -50 -96 -229 -47 -217 -49 -260 -13 -295 52 -53 146 -42 177 20 16 31 87 366 87 410 0 70 -86 122 -155 94z\"\/><path d=\"M1751 3234 c-13 -9 -29 -31 -37 -50 -12 -29 -10 -49 21 -204 19 -94 39 -189 45 -210 14 -50 54 -80 110 -80 34 0 48 6 76 34 21 21 34 44 34 59 0 14 -18 113 -40 219 -37 178 -43 195 -70 221 -36 32 -101 37 -139 11z\"\/><path d=\"M1163 3073 c-36 -7 -73 -59 -73 -102 0 -56 133 -378 171 -413 34 -32 83 -37 129 -13 70 36 67 87 -16 290 -86 209 -89 214 -129 231 -35 14 -42 15 -82 7z\"\/><path d=\"M3689 3066 c-15 -9 -33 -30 -42 -48 -48 -103 -147 -355 -147 -375 0 -98 131 -148 192 -74 13 15 57 108 97 206 80 196 84 226 37 273 -30 30 -99 39 -137 18z\"\/><path d=\"M583 2784 c-38 -19 -67 -74 -58 -113 9 -42 211 -354 242 -373 16 -10 45 -18 66 -18 51 0 107 52 107 100 0 39 -1 41 -124 234 -80 126 -108 162 -133 173 -41 17 -61 16 -100 -3z\"\/><path d=\"M4250 2784 c-14 -9 -74 -91 -133 -183 -95 -150 -107 -173 -107 -213 0 -55 33 -94 87 -104 67 -13 90 8 211 198 130 202 137 225 78 284 -27 27 -42 34 -72 34 -22 0 -50 -8 -64 -16z\"\/><path d=\"M2275 2693 c-553 -48 -1095 -270 -1585 -649 -135 -104 -459 -423 -483 -476 -23 -49 -22 -139 2 -186 73 -142 361 -457 571 -626 285 -228 642 -407 990 -497 242 -63 336 -73 660 -74 310 0 370 5 595 52 535 111 1045 392 1455 803 122 121 250 273 275 326 19 41 19 137 0 174 -41 79 -309 363 -465 492 -447 370 -946 591 -1479 653 -113 14 -422 18 -536 8z m395 -428 c171 -34 330 -124 456 -258 112 -119 167 -219 211 -378 27 -96 24 -300 -5 -401 -72 -255 -236 -447 -474 -557 -132 -62 -201 -76 -368 -76 -167 0 -236 14 -368 76 -213 98 -373 271 -451 485 -162 444 86 934 547 1084 153 49 292 57 452 25z m909 -232 c222 -123 408 -262 593 -441 76 -74 138 -139 138 -144 0 -16 -233 -242 -330 -319 -155 -123 -309 -223 -461 -299 l-81 -41 32 46 c18 26 49 83 70 128 143 306 141 649 -6 957 -25 52 -61 116 -79 142 l-34 47 45 -20 c26 -10 76 -36 113 -56z m-2057 25 c-40 -58 -105 -190 -130 -263 -110 -324 -59 -707 132 -981 25 -35 42 -64 37 -64 -19 0 -241 119 -326 174 -188 122 -406 314 -532 468 l-58 71 108 103 c185 178 428 349 672 473 66 33 121 60 123 61 2 0 -10 -19 -26 -42z\"\/><path d=\"M2375 1950 c-198 -44 -350 -190 -395 -379 -18 -76 -8 -221 19 -290 114 -284 457 -406 731 -260 98 52 188 154 231 260 27 69 37 214 19 290 -38 163 -166 304 -326 360 -67 23 -215 33 -279 19z\"\/><\/g><\/svg><\/i> <img loading=\"lazy\" decoding=\"async\" width=\"16\" height=\"16\" alt=\"Loading\" src=\"https:\/\/locupali.com\/WordPress\/wp-content\/plugins\/page-views-count\/ajax-loader-2x.gif\" border=0 \/><\/p><div class=\"pvc_clear\"><\/div>","protected":false},"excerpt":{"rendered":"<p>L&#8217;association&nbsp;Locupali&nbsp;(pour&nbsp;LOisirs&nbsp;CUlture&nbsp;PAys de&nbsp;LImours) a \u00e9t\u00e9 cr\u00e9\u00e9e en 2007. C&#8217;est une association de type loi de 1901. Sa d\u00e9claration \u00e0 la sous-pr\u00e9fecture de Palaiseau le 15 juin 2007 est parue au Journal Officiel de la R\u00e9publique Fran\u00e7aise (139\u00e8me ann\u00e9e &#8211; n\u00b026 &#8211; 30 juin 2007 &#8211; page 3285). Elle est r\u00e9pertori\u00e9e comme association n\u00b00913015424. Si\u00e8ge social&nbsp;:&nbsp;Mairie de&hellip; <br \/> <a class=\"read-more\" href=\"https:\/\/locupali.com\/WordPress\/index.php\/la-vie-de-lassociation\/\">Lire la suite<\/a><\/p>\n","protected":false},"author":1,"featured_media":0,"parent":0,"menu_order":0,"comment_status":"closed","ping_status":"closed","template":"","meta":{"footnotes":""},"class_list":["post-28","page","type-page","status-publish","hentry"],"a3_pvc":{"activated":true,"total_views":4921,"today_views":0},"_links":{"self":[{"href":"https:\/\/locupali.com\/WordPress\/index.php\/wp-json\/wp\/v2\/pages\/28","targetHints":{"allow":["GET"]}}],"collection":[{"href":"https:\/\/locupali.com\/WordPress\/index.php\/wp-json\/wp\/v2\/pages"}],"about":[{"href":"https:\/\/locupali.com\/WordPress\/index.php\/wp-json\/wp\/v2\/types\/page"}],"author":[{"embeddable":true,"href":"https:\/\/locupali.com\/WordPress\/index.php\/wp-json\/wp\/v2\/users\/1"}],"replies":[{"embeddable":true,"href":"https:\/\/locupali.com\/WordPress\/index.php\/wp-json\/wp\/v2\/comments?post=28"}],"version-history":[{"count":54,"href":"https:\/\/locupali.com\/WordPress\/index.php\/wp-json\/wp\/v2\/pages\/28\/revisions"}],"predecessor-version":[{"id":3274,"href":"https:\/\/locupali.com\/WordPress\/index.php\/wp-json\/wp\/v2\/pages\/28\/revisions\/3274"}],"wp:attachment":[{"href":"https:\/\/locupali.com\/WordPress\/index.php\/wp-json\/wp\/v2\/media?parent=28"}],"curies":[{"name":"wp","href":"https:\/\/api.w.org\/{rel}","templated":true}]}}